{"id":919,"date":"2018-09-13T13:31:01","date_gmt":"2018-09-13T13:31:01","guid":{"rendered":"http:\/\/www.miasteczko-galicyjskie.pl\/?page_id=919"},"modified":"2018-10-04T10:28:15","modified_gmt":"2018-10-04T10:28:15","slug":"final-konkursu-niezwykla-malopolska-wies","status":"publish","type":"page","link":"https:\/\/www.miasteczko-galicyjskie.pl\/?page_id=919","title":{"rendered":"Niezwyk\u0142a Ma\u0142opolska Wie\u015b"},"content":{"rendered":"<p class=\"cufont\"><a href=\"http:\/\/www.miasteczko-galicyjskie.pl\/wp-content\/uploads\/2018\/09\/nmw.jpg\"><img loading=\"lazy\" class=\"alignleft wp-image-963 size-medium\" src=\"http:\/\/www.miasteczko-galicyjskie.pl\/wp-content\/uploads\/2018\/09\/nmw-210x300.jpg\" alt=\"\" width=\"210\" height=\"300\" srcset=\"https:\/\/www.miasteczko-galicyjskie.pl\/wp-content\/uploads\/2018\/09\/nmw-210x300.jpg 210w, https:\/\/www.miasteczko-galicyjskie.pl\/wp-content\/uploads\/2018\/09\/nmw.jpg 672w\" sizes=\"(max-width: 210px) 100vw, 210px\" \/><\/a><strong>23 wrze\u015bnia 2018 r. (niedziela), godz. 10.00 &#8211; 18.00<br \/>\n<\/strong><strong>Miasteczko Galicyjskie, ul. Lwowska 226<\/strong><\/p>\n<p>&nbsp;<\/p>\n<p class=\"cufont\"><strong>Pokazy i warsztaty:<\/strong><br \/>\n\u2013 garncarskie, snycerskie, drukarskie<br \/>\n\u2013 wyrobu koszy wiklinowych, wyrobu kwiat\u00f3w z bibu\u0142y<\/p>\n<p><strong>Kiermasz r\u0119kodzie\u0142a<\/strong><\/p>\n<p class=\"cufont\"><strong>Kuchnie regionalne<\/strong> \u2013 degustacja potraw (Stowarzyszenie KGW Marcinkowice i KGW Kl\u0119czany)<\/p>\n<p>&nbsp;<\/p>\n<p class=\"cufont\"><strong><br \/>\nKoncerty i wyst\u0119py zespo\u0142\u00f3w regionalnych i folkowych, scenki rodzajowe:<\/strong><\/p>\n<p>12.00<br \/>\nOtwarcie imprezy<\/p>\n<p>12.15<br \/>\nPie\u015bni dziadowskie: <strong><em>Sebastian Cielecki<\/em><\/strong><\/p>\n<p>13.00<br \/>\nScenki rodzajowe, inspirowane wydarzeniami z \u017cycia ma\u0142opolskiej wsi prze\u0142omu XIX\/XX wieku \/ wyst\u0119puj\u0105 aktorzy nowos\u0105deckiego <strong>Teatru Nowego<\/strong><\/p>\n<p>13.30<br \/>\nPie\u015bni dziadowskie: <strong><em>Sebastian Cielecki<\/em><\/strong><\/p>\n<p>14.00<br \/>\nWr\u0119czenie nagr\u00f3d laureatom <strong>konkursu <\/strong><strong>\u201eNiezwyk\u0142a Ma\u0142opolska Wie\u015b\u201d <\/strong>(Konkurs\u00a0<em>Niezwyk\u0142a Ma\u0142opolska Wie\u015b<\/em>, organizowany przez Wojew\u00f3dztwo Ma\u0142opolskie, to przedsi\u0119wzi\u0119cie honoruj\u0105ce wiejskie spo\u0142eczno\u015bci aktywnie dzia\u0142aj\u0105ce na rzecz podniesienia atrakcyjno\u015bci swoich miejscowo\u015bci, dbaj\u0105ce o zachowanie w nich \u0142adu przestrzennego i architektonicznego, zaanga\u017cowane w ochron\u0119 dziedzictwa kulturowego oraz dzia\u0142ania na rzecz integracji mieszka\u0144c\u00f3w.)<\/p>\n<p>14.30<br \/>\nScenki rodzajowe, inspirowane wydarzeniami z \u017cycia ma\u0142opolskiej wsi prze\u0142omu XIX\/XX wieku \/ wyst\u0119puj\u0105 aktorzy nowos\u0105deckiego <strong>Teatru Nowego<\/strong><\/p>\n<p>15.00<br \/>\nWyst\u0119p zespo\u0142u <strong><em>Pi\u0105tkowioki <\/em><\/strong>(oraz warsztaty ta\u0144c\u00f3w ludowych)<\/p>\n<p>16.00<br \/>\nPie\u015bni dziadowskie: <strong><em>Sebastian Cielecki<\/em><\/strong><\/p>\n<p>16.20<br \/>\nScenki rodzajowe, inspirowane wydarzeniami z \u017cycia ma\u0142opolskiej wsi prze\u0142omu XIX\/XX wieku \/ wyst\u0119puj\u0105 aktorzy nowos\u0105deckiego <strong>Teatru Nowego<\/strong><\/p>\n<p>17.00<br \/>\nKoncert \u00a0zespo\u0142u <strong><em>FI\u015aBand <\/em><\/strong>(pota\u0144c\u00f3wka)<\/p>\n<p>&nbsp;<\/p>\n<p>Ponadto:<\/p>\n<p class=\"cufont\"><strong>13.00 \/\u00a0S\u0105decki Park Etnograficzny,\u00a0ul. B. Wieniawy-D\u0142ugoszowskiego 83 b<\/strong><br \/>\nOtwarcie wystawy \u201eKto to wie(\u015b)? na w\u0142asn\u0105 r\u0119k\u0119 \/ na w\u0142asn\u0105 miar\u0119\u201d\u00a0<strong><br \/>\n<\/strong>Wystaw\u0119 mo\u017cna ogl\u0105da\u0107 do\u00a031 pa\u017adziernika 2018 r.<\/p>\n<p class=\"cufont\"><strong><br \/>\n<\/strong>\u2013 <strong>Prezentacja wystawy fotograficznej<\/strong> towarzysz\u0105cej fina\u0142owi konkursu (Autorem zdj\u0119\u0107 jest Micha\u0142 \u0141uczak. Fotograf odwiedzi\u0142 spo\u0142eczno\u015bci lokalne, uhonorowane w tym\u017ce konkursie. Powsta\u0142a w ten spos\u00f3b panorama 100 obraz\u00f3w z 35 ma\u0142opolskich miejscowo\u015bci. Opowie\u015b\u0107 o przyrodzie i\u00a0 krajobrazie, a tak\u017ce o ludziach, ich pracy i pasjach. Wystawa b\u0119dzie czynna do\u00a030 wrze\u015bnia 2018 r.)\u00a0\u00a0<strong><br \/>\n<\/strong><\/p>\n<p class=\"cufont\">Udzia\u0142 w imprezie \u2013 bezp\u0142atny<br \/>\nW dniu 23 wrze\u015bnia 2018 r. \u2013 <strong>bezp\u0142atny wst\u0119p na ekspozycj\u0119<\/strong> Miasteczka Galicyjskiego<\/p>\n<p><a href=\"http:\/\/www.miasteczko-galicyjskie.pl\/?p=1082\">Fotorelacja<\/a><\/p>\n","protected":false},"excerpt":{"rendered":"<p>23 wrze\u015bnia 2018 r. (niedziela), godz. 10.00 &#8211; 18.00 Miasteczko Galicyjskie, ul. Lwowska 226 &nbsp; Pokazy i warsztaty: \u2013 garncarskie, snycerskie, drukarskie \u2013 wyrobu koszy wiklinowych, wyrobu kwiat\u00f3w z bibu\u0142y Kiermasz r\u0119kodzie\u0142a Kuchnie regionalne \u2013 degustacja potraw (Stowarzyszenie KGW Marcinkowice i KGW Kl\u0119czany) &nbsp; Koncerty i wyst\u0119py zespo\u0142\u00f3w regionalnych i folkowych, scenki rodzajowe: 12.00 Otwarcie imprezy 12.15 Pie\u015bni dziadowskie: Sebastian Cielecki 13.00 Scenki rodzajowe, inspirowane wydarzeniami z \u017cycia ma\u0142opolskiej wsi prze\u0142omu XIX\/XX wieku \/ wyst\u0119puj\u0105 aktorzy nowos\u0105deckiego Teatru Nowego 13.30 Pie\u015bni dziadowskie: Sebastian Cielecki 14.00 Wr\u0119czenie nagr\u00f3d laureatom konkursu \u201eNiezwyk\u0142a Ma\u0142opolska Wie\u015b\u201d (Konkurs\u00a0Niezwyk\u0142a Ma\u0142opolska Wie\u015b, organizowany przez Wojew\u00f3dztwo Ma\u0142opolskie, to przedsi\u0119wzi\u0119cie honoruj\u0105ce wiejskie spo\u0142eczno\u015bci aktywnie dzia\u0142aj\u0105ce na rzecz podniesienia atrakcyjno\u015bci swoich miejscowo\u015bci, dbaj\u0105ce o zachowanie w nich \u0142adu przestrzennego i architektonicznego, zaanga\u017cowane w ochron\u0119 dziedzictwa kulturowego oraz dzia\u0142ania na rzecz integracji mieszka\u0144c\u00f3w.) 14.30 Scenki rodzajowe, inspirowane wydarzeniami z \u017cycia ma\u0142opolskiej wsi prze\u0142omu XIX\/XX wieku \/ wyst\u0119puj\u0105 aktorzy nowos\u0105deckiego Teatru Nowego 15.00 Wyst\u0119p zespo\u0142u Pi\u0105tkowioki (oraz warsztaty ta\u0144c\u00f3w ludowych) 16.00 Pie\u015bni dziadowskie: Sebastian Cielecki 16.20 Scenki rodzajowe, inspirowane wydarzeniami z \u017cycia ma\u0142opolskiej wsi prze\u0142omu XIX\/XX wieku \/ wyst\u0119puj\u0105 aktorzy nowos\u0105deckiego Teatru Nowego 17.00 Koncert \u00a0zespo\u0142u FI\u015aBand (pota\u0144c\u00f3wka) &nbsp; Ponadto: 13.00 \/\u00a0S\u0105decki Park Etnograficzny,\u00a0ul. B. Wieniawy-D\u0142ugoszowskiego 83 b Otwarcie wystawy \u201eKto to wie(\u015b)? na w\u0142asn\u0105 r\u0119k\u0119 \/ na w\u0142asn\u0105 miar\u0119\u201d\u00a0 Wystaw\u0119 mo\u017cna ogl\u0105da\u0107 do\u00a031 pa\u017adziernika 2018 r. \u2013 Prezentacja wystawy fotograficznej towarzysz\u0105cej fina\u0142owi konkursu (Autorem zdj\u0119\u0107 jest Micha\u0142 \u0141uczak. Fotograf odwiedzi\u0142 spo\u0142eczno\u015bci lokalne, uhonorowane w tym\u017ce konkursie. Powsta\u0142a w ten spos\u00f3b panorama 100 obraz\u00f3w z 35 ma\u0142opolskich miejscowo\u015bci. Opowie\u015b\u0107 o przyrodzie i\u00a0 krajobrazie, a tak\u017ce o ludziach, ich pracy i pasjach. Wystawa b\u0119dzie czynna do\u00a030 wrze\u015bnia 2018 r.)\u00a0\u00a0 Udzia\u0142 w imprezie \u2013 bezp\u0142atny W dniu 23 wrze\u015bnia 2018 r. \u2013 bezp\u0142atny wst\u0119p na ekspozycj\u0119 Miasteczka Galicyjskiego Fotorelacja<\/p>\n","protected":false},"author":1,"featured_media":0,"parent":0,"menu_order":0,"comment_status":"closed","ping_status":"closed","template":"","meta":[],"_links":{"self":[{"href":"https:\/\/www.miasteczko-galicyjskie.pl\/index.php?rest_route=\/wp\/v2\/pages\/919"}],"collection":[{"href":"https:\/\/www.miasteczko-galicyjskie.pl\/index.php?rest_route=\/wp\/v2\/pages"}],"about":[{"href":"https:\/\/www.miasteczko-galicyjskie.pl\/index.php?rest_route=\/wp\/v2\/types\/page"}],"author":[{"embeddable":true,"href":"https:\/\/www.miasteczko-galicyjskie.pl\/index.php?rest_route=\/wp\/v2\/users\/1"}],"replies":[{"embeddable":true,"href":"https:\/\/www.miasteczko-galicyjskie.pl\/index.php?rest_route=%2Fwp%2Fv2%2Fcomments&post=919"}],"version-history":[{"count":14,"href":"https:\/\/www.miasteczko-galicyjskie.pl\/index.php?rest_route=\/wp\/v2\/pages\/919\/revisions"}],"predecessor-version":[{"id":1085,"href":"https:\/\/www.miasteczko-galicyjskie.pl\/index.php?rest_route=\/wp\/v2\/pages\/919\/revisions\/1085"}],"wp:attachment":[{"href":"https:\/\/www.miasteczko-galicyjskie.pl\/index.php?rest_route=%2Fwp%2Fv2%2Fmedia&parent=919"}],"curies":[{"name":"wp","href":"https:\/\/api.w.org\/{rel}","templated":true}]}}