{"id":3008,"date":"2026-04-21T12:30:00","date_gmt":"2026-04-21T10:30:00","guid":{"rendered":"http:\/\/www.miasteczko-galicyjskie.pl\/?page_id=3008"},"modified":"2026-04-21T12:27:08","modified_gmt":"2026-04-21T10:27:08","slug":"festyn-rowerowy-i-kiermasz-rekodziela-artystycznego-w-miasteczku-galicyjskim","status":"publish","type":"page","link":"https:\/\/www.miasteczko-galicyjskie.pl\/?page_id=3008","title":{"rendered":"Festyn Rowerowy i Kiermasz R\u0119kodzie\u0142a Artystycznego w Miasteczku Galicyjskim"},"content":{"rendered":"\n<div style=\"height:32px\" aria-hidden=\"true\" class=\"wp-block-spacer\"><\/div>\n\n\n\n<p class=\"has-text-align-center\">Ju\u017c <strong>4 czerwca b.r.<\/strong> prawdziwa gratka dla mi\u0142o\u015bnik\u00f3w sp\u0119dzania aktywnie czasu wolnego!<\/p>\n\n\n\n<div style=\"height:32px\" aria-hidden=\"true\" class=\"wp-block-spacer\"><\/div>\n\n\n\n<p>Zarz\u0105d Osiedla<em> Go\u0142\u0105bkowice<\/em> oraz Miasteczko Galicyjskie oddzia\u0142 Muzeum Okr\u0119gowego w Nowym S\u0105czu, zapraszaj\u0105 mieszka\u0144c\u00f3w Nowego S\u0105cza i okolic na <strong>Festyn Rowerowy<\/strong> po\u0142\u0105czony z <strong>Kiermaszem R\u0119kodzie\u0142a Artystycznego<\/strong>. Ka\u017cdy, kto posiada rower i kart\u0119 rowerow\u0105, mo\u017ce wzi\u0105\u0107 udzia\u0142 we wsp\u00f3lnym przeje\u017adzie ulicami Nowego S\u0105cza.<\/p>\n\n\n\n<div style=\"height:19px\" aria-hidden=\"true\" class=\"wp-block-spacer\"><\/div>\n\n\n\n<p>Wszystkich ch\u0119tnych zapraszamy na godz.15.30, na p\u0142yt\u0119 s\u0105deckiego Rynku, sk\u0105d wyruszy peleton rowerzyst\u00f3w. O godz. 17.00 wszystkich poruszaj\u0105cych si\u0119 jedno\u015bladem przywita Miasteczko Galicyjskie wraz z wystawcami, kt\u00f3rzy w tym dniu ju\u017c od godz. 10.00 b\u0119d\u0105 eksponowa\u0107 swoje produkty na terenie Miasteczka w ramach <strong>Kiermaszu R\u0119kodzie\u0142a Artystycznego<\/strong>.<\/p>\n\n\n\n<p>Kiermasz, to niecodzienna okazja by znale\u017a\u0107&nbsp; niepowtarzaln\u0105 bi\u017cuteri\u0119, obrazy czy inne przedmioty, kt\u00f3re zachwycaj\u0105 swoj\u0105 oryginalno\u015bci\u0105, pi\u0119knem i z pewno\u015bci\u0105 stan\u0105 si\u0119 ozdob\u0105 ka\u017cdego wn\u0119trza!<\/p>\n\n\n\n<p>Zapraszamy do kontaktu i udzia\u0142u wystawc\u00f3w, kt\u00f3rzy chc\u0105 zaprezentowa\u0107 sw\u00f3j talent rzemie\u015blniczy i unikatowe produkty.<\/p>\n\n\n\n<div style=\"height:29px\" aria-hidden=\"true\" class=\"wp-block-spacer\"><\/div>\n\n\n\n<p>Informujemy, \u017ce od dnia <strong>15-31 maja b.r.<\/strong> przyjmujemy&nbsp; zg\u0142oszenia uczestnictwa w <strong>KIERMASZU R\u0118KODZIE\u0141A ARTYSTYCZNEGO<\/strong>.<\/p>\n\n\n\n<div style=\"height:25px\" aria-hidden=\"true\" class=\"wp-block-spacer\"><\/div>\n\n\n\n<p><strong>ZASADY UDZIA\u0141U:<\/strong><\/p>\n\n\n\n<p>Aby wzi\u0105\u0107 udzia\u0142 jako wystawca nale\u017cy potwierdzi\u0107 sw\u00f3j udzia\u0142 mailowo na adres: miasteczko@muzeum.sacz.pl <strong>do dnia 31 maja<\/strong> oraz dokona\u0107 wp\u0142aty w punkcie kasowym Miasteczka Galicyjskiego w dniu trwania wydarzenia tj. <strong>4 czerwca<\/strong>.<\/p>\n\n\n\n<p><\/p>\n\n\n\n<div style=\"height:37px\" aria-hidden=\"true\" class=\"wp-block-spacer\"><\/div>\n\n\n\n<p>Organizator:<\/p>\n\n\n\n<p>Muzeum Okr\u0119gowe w Nowym S\u0105czu \u2013 Miasteczko Galicyjskie<\/p>\n\n\n\n<p>Osoba odpowiedzialna: Danuta G\u0142\u0105b<\/p>\n\n\n\n<p>e-mail: miasteczko@muzeum.sacz.pl<\/p>\n\n\n\n<p>tel. (18) 441 02 10 wew. 106, pn. \u2013 pt. w godz. 7.30 \u2013 15.30<\/p>\n\n\n\n<p>*organizator zastrzega sobie prawo do odwo\u0142ania KIERMASZU DZIE\u0141A ARTYSTYCZNEGO w wyniku zaostrzenia obostrze\u0144 spowodowanych pandemi\u0105 \u2013 COVID-19<\/p>\n","protected":false},"excerpt":{"rendered":"<p>Ju\u017c 4 czerwca b.r. prawdziwa gratka dla mi\u0142o\u015bnik\u00f3w sp\u0119dzania aktywnie czasu wolnego! Zarz\u0105d Osiedla Go\u0142\u0105bkowice oraz Miasteczko Galicyjskie oddzia\u0142 Muzeum Okr\u0119gowego w Nowym S\u0105czu, zapraszaj\u0105 mieszka\u0144c\u00f3w Nowego S\u0105cza i okolic na Festyn Rowerowy po\u0142\u0105czony z Kiermaszem R\u0119kodzie\u0142a Artystycznego. Ka\u017cdy, kto posiada rower i kart\u0119 rowerow\u0105, mo\u017ce wzi\u0105\u0107 udzia\u0142 we wsp\u00f3lnym przeje\u017adzie ulicami Nowego S\u0105cza. Wszystkich ch\u0119tnych zapraszamy na godz.15.30, na p\u0142yt\u0119 s\u0105deckiego Rynku, sk\u0105d wyruszy peleton rowerzyst\u00f3w. O godz. 17.00 wszystkich poruszaj\u0105cych si\u0119 jedno\u015bladem przywita Miasteczko Galicyjskie wraz z wystawcami, kt\u00f3rzy w tym dniu ju\u017c od godz. 10.00 b\u0119d\u0105 eksponowa\u0107 swoje produkty na terenie Miasteczka w ramach Kiermaszu R\u0119kodzie\u0142a Artystycznego. Kiermasz, to niecodzienna okazja by znale\u017a\u0107&nbsp; niepowtarzaln\u0105 bi\u017cuteri\u0119, obrazy czy inne przedmioty, kt\u00f3re zachwycaj\u0105 swoj\u0105 oryginalno\u015bci\u0105, pi\u0119knem i z pewno\u015bci\u0105 stan\u0105 si\u0119 ozdob\u0105 ka\u017cdego wn\u0119trza! Zapraszamy do kontaktu i udzia\u0142u wystawc\u00f3w, kt\u00f3rzy chc\u0105 zaprezentowa\u0107 sw\u00f3j talent rzemie\u015blniczy i unikatowe produkty. Informujemy, \u017ce od dnia 15-31 maja b.r. przyjmujemy&nbsp; zg\u0142oszenia uczestnictwa w KIERMASZU R\u0118KODZIE\u0141A ARTYSTYCZNEGO. ZASADY UDZIA\u0141U: Aby wzi\u0105\u0107 udzia\u0142 jako wystawca nale\u017cy potwierdzi\u0107 sw\u00f3j udzia\u0142 mailowo na adres: miasteczko@muzeum.sacz.pl do dnia 31 maja oraz dokona\u0107 wp\u0142aty w punkcie kasowym Miasteczka Galicyjskiego w dniu trwania wydarzenia tj. 4 czerwca. Organizator: Muzeum Okr\u0119gowe w Nowym S\u0105czu \u2013 Miasteczko Galicyjskie Osoba odpowiedzialna: Danuta G\u0142\u0105b e-mail: miasteczko@muzeum.sacz.pl tel. (18) 441 02 10 wew. 106, pn. \u2013 pt. w godz. 7.30 \u2013 15.30 *organizator zastrzega sobie prawo do odwo\u0142ania KIERMASZU DZIE\u0141A ARTYSTYCZNEGO w wyniku zaostrzenia obostrze\u0144 spowodowanych pandemi\u0105 \u2013 COVID-19<\/p>\n","protected":false},"author":1,"featured_media":0,"parent":0,"menu_order":0,"comment_status":"closed","ping_status":"closed","template":"","meta":[],"_links":{"self":[{"href":"https:\/\/www.miasteczko-galicyjskie.pl\/index.php?rest_route=\/wp\/v2\/pages\/3008"}],"collection":[{"href":"https:\/\/www.miasteczko-galicyjskie.pl\/index.php?rest_route=\/wp\/v2\/pages"}],"about":[{"href":"https:\/\/www.miasteczko-galicyjskie.pl\/index.php?rest_route=\/wp\/v2\/types\/page"}],"author":[{"embeddable":true,"href":"https:\/\/www.miasteczko-galicyjskie.pl\/index.php?rest_route=\/wp\/v2\/users\/1"}],"replies":[{"embeddable":true,"href":"https:\/\/www.miasteczko-galicyjskie.pl\/index.php?rest_route=%2Fwp%2Fv2%2Fcomments&post=3008"}],"version-history":[{"count":8,"href":"https:\/\/www.miasteczko-galicyjskie.pl\/index.php?rest_route=\/wp\/v2\/pages\/3008\/revisions"}],"predecessor-version":[{"id":5485,"href":"https:\/\/www.miasteczko-galicyjskie.pl\/index.php?rest_route=\/wp\/v2\/pages\/3008\/revisions\/5485"}],"wp:attachment":[{"href":"https:\/\/www.miasteczko-galicyjskie.pl\/index.php?rest_route=%2Fwp%2Fv2%2Fmedia&parent=3008"}],"curies":[{"name":"wp","href":"https:\/\/api.w.org\/{rel}","templated":true}]}}